{"id":19972,"date":"2026-09-02T13:10:16","date_gmt":"2026-09-02T13:10:16","guid":{"rendered":"https:\/\/anellides.com\/?post_type=tribe_events&#038;p=19972"},"modified":"2026-09-03T11:39:20","modified_gmt":"2026-09-03T11:39:20","slug":"extrascolares-anellides","status":"publish","type":"tribe_events","link":"https:\/\/anellides.com\/es\/event\/extrascolares-anellides\/","title":{"rendered":"EXTRAESCOLARES 2026-2027: EL MAR EN JUEGO"},"content":{"rendered":"<h3><strong>Extraescolares 2026-2027: El mar en juego<\/strong><\/h3>\n<p>Una propuesta pensada para ni\u00f1os y ni\u00f1as de 8 a 12 a\u00f1os apasionados por el mar y con ganas de descubrir todos sus secretos. Exploraremos sus ecosistemas, la fauna y la flora marina, los oc\u00e9anos y sus habitantes, aprendiendo de manera divertida, pr\u00e1ctica y participativa. Un espacio para despertar la curiosidad, disfrutar del mundo marino y descubrir la importancia de cuidar y proteger nuestros mares.<\/p>\n<p>A trav\u00e9s de <strong>juegos, gincanas, experimentos, actividades art\u00edsticas<\/strong> y acciones participativas transformadoras con impacto social, fomentamos la creatividad, la curiosidad, el pensamiento cr\u00edtico y el compromiso con el mundo que nos rodea, en un ambiente divertido, din\u00e1mico y respetuoso. Descubrir\u00e1n c\u00f3mo nuestras acciones influyen en el mar y c\u00f3mo, colectivamente, podemos implicarnos para cuidarlo, defenderlo y transformar nuestro entorno.<\/p>\n<div class=\"fusion-button-wrapper\"><a class=\"fusion-button button-flat fusion-button-default-size button-default fusion-button-default button-1 fusion-button-default-span fusion-button-default-type\" target=\"_blank\" rel=\"noopener noreferrer\" href=\"https:\/\/forms.gle\/HeWzb6ATcWeUPoG66\"><span class=\"fusion-button-text awb-button__text awb-button__text--default\">Inscr\u00edbete<\/span><\/a><\/div>\n<h3>Fechas y horarios<\/h3>\n<ul>\n<li>Cada mi\u00e9rcoles por la tarde desde el 16 de septiembre hasta el 16 de junio<\/li>\n<li>De 17:30 h a 18:30 h<\/li>\n<li>Sede An\u00e8l\u00b7lides en Badalona (C\/conquista n\u00ba 80)<\/li>\n<\/ul>\n<p><strong>Edades<\/strong><\/p>\n<ul>\n<li>De 8 a 12 a\u00f1os<\/li>\n<\/ul>\n<h3>Incluye<\/h3>\n<ul>\n<li>Equipo multidisciplinar de profesionales especializados en el mar, el \u00e1mbito social, la educaci\u00f3n y el activismo<\/li>\n<li>Material para todas las actividades<\/li>\n<li>Grupos reducidos de 8 ni\u00f1os y ni\u00f1as<\/li>\n<\/ul>\n<h3>Actividades vivenciales<\/h3>\n<ul>\n<li>Actividades de descubrimiento<\/li>\n<li>Experimentos<\/li>\n<li>Juegos cooperativos<\/li>\n<li>Expresi\u00f3n art\u00edstica<\/li>\n<\/ul>\n<h3>Precio<\/h3>\n<ul>\n<li>60 \u20ac\/mes<\/li>\n<\/ul>\n<h3>Documentaci\u00f3n necesaria<\/h3>\n<p>Es obligatorio rellenar el siguiente documento, firmarlo y enviarlo a <a href=\"mailto:reserves@anellides.com\">reserves@anellides.com<\/a>:<\/p>\n<ul>\n<li><a href=\"https:\/\/anellides.com\/wp-content\/files\/AUTORITZACIO-PROGENITORS.pdf\">Autorizaci\u00f3n de los progenitores y\/o tutores<\/a><\/li>\n<\/ul>\n<h3>Para m\u00e1s informaci\u00f3n:<\/h3>\n<ul>\n<li><a href=\"mailto:reserves@anellides.com\">reserves@anellides.com<\/a><\/li>\n<li>+34 613 03 52 13<\/li>\n<\/ul>\n","protected":false},"excerpt":{"rendered":"<p>Extraescolares 2026-2027: El mar en juego Una propuesta pensada para ni\u00f1os y ni\u00f1as de 8 a 12 a\u00f1os apasionados por el mar y con ganas  [&#8230;]<\/p>\n","protected":false},"author":3037,"featured_media":23050,"template":"","meta":{"_tribe_events_status":"","_tribe_events_status_reason":"","footnotes":""},"tags":[],"tribe_events_cat":[133],"class_list":["post-19972","tribe_events","type-tribe_events","status-publish","has-post-thumbnail","hentry","tribe_events_cat-infantil-es","cat_infantil-es"],"aioseo_notices":[],"aioseo_head":"\n\t\t<!-- All in One SEO 5.0.1.1 - aioseo.com -->\n\t<meta name=\"description\" content=\"Extraescolares 2026-2027: El mar en juego Una propuesta pensada para ni\u00f1os y ni\u00f1as de 8 a 12 a\u00f1os apasionados por el mar y con ganas de descubrir todos sus secretos. Exploraremos sus ecosistemas, la fauna y la flora marina, los oc\u00e9anos y sus habitantes, aprendiendo de manera divertida, pr\u00e1ctica y participativa. Un espacio para despertar\" \/>\n\t<meta name=\"robots\" content=\"max-image-preview:large\" \/>\n\t<meta name=\"author\" content=\"Marina\"\/>\n\t<meta name=\"google-site-verification\" content=\"j5Te-Y3xjWrjCLJWsYSHtofnTHGBvK1IKvzlSorRXRc\" \/>\n\t<link rel=\"canonical\" href=\"https:\/\/anellides.com\/es\/event\/extrascolares-anellides\/\" \/>\n\t<meta name=\"generator\" content=\"All in One SEO (AIOSEO) 5.0.1.1\" \/>\n\t\t<script type=\"application\/ld+json\" class=\"aioseo-schema\">\n\t\t\t{\"@context\":\"https:\\\/\\\/schema.org\",\"@graph\":[{\"@type\":\"BreadcrumbList\",\"@id\":\"https:\\\/\\\/anellides.com\\\/es\\\/event\\\/extrascolares-anellides\\\/#breadcrumblist\",\"itemListElement\":[{\"@type\":\"ListItem\",\"@id\":\"https:\\\/\\\/anellides.com\\\/es\\\/#listItem\",\"position\":1,\"name\":\"Home\",\"item\":\"https:\\\/\\\/anellides.com\\\/es\\\/\",\"nextItem\":{\"@type\":\"ListItem\",\"@id\":\"https:\\\/\\\/anellides.com\\\/es\\\/events\\\/#listItem\",\"name\":\"Eventos\"}},{\"@type\":\"ListItem\",\"@id\":\"https:\\\/\\\/anellides.com\\\/es\\\/events\\\/#listItem\",\"position\":2,\"name\":\"Eventos\",\"item\":\"https:\\\/\\\/anellides.com\\\/es\\\/events\\\/\",\"nextItem\":{\"@type\":\"ListItem\",\"@id\":\"https:\\\/\\\/anellides.com\\\/es\\\/events\\\/category\\\/infantil-es\\\/#listItem\",\"name\":\"Infantil\"},\"previousItem\":{\"@type\":\"ListItem\",\"@id\":\"https:\\\/\\\/anellides.com\\\/es\\\/#listItem\",\"name\":\"Home\"}},{\"@type\":\"ListItem\",\"@id\":\"https:\\\/\\\/anellides.com\\\/es\\\/events\\\/category\\\/infantil-es\\\/#listItem\",\"position\":3,\"name\":\"Infantil\",\"item\":\"https:\\\/\\\/anellides.com\\\/es\\\/events\\\/category\\\/infantil-es\\\/\",\"nextItem\":{\"@type\":\"ListItem\",\"@id\":\"https:\\\/\\\/anellides.com\\\/es\\\/event\\\/extrascolares-anellides\\\/#listItem\",\"name\":\"EXTRAESCOLARES 2026-2027: EL MAR EN JUEGO\"},\"previousItem\":{\"@type\":\"ListItem\",\"@id\":\"https:\\\/\\\/anellides.com\\\/es\\\/events\\\/#listItem\",\"name\":\"Eventos\"}},{\"@type\":\"ListItem\",\"@id\":\"https:\\\/\\\/anellides.com\\\/es\\\/event\\\/extrascolares-anellides\\\/#listItem\",\"position\":4,\"name\":\"EXTRAESCOLARES 2026-2027: EL MAR EN JUEGO\",\"previousItem\":{\"@type\":\"ListItem\",\"@id\":\"https:\\\/\\\/anellides.com\\\/es\\\/events\\\/category\\\/infantil-es\\\/#listItem\",\"name\":\"Infantil\"}}]},{\"@type\":\"Organization\",\"@id\":\"https:\\\/\\\/anellides.com\\\/es\\\/#organization\",\"name\":\"Anellides\",\"description\":\"Serveis Ambientals Marins\",\"url\":\"https:\\\/\\\/anellides.com\\\/es\\\/\",\"sameAs\":[\"https:\\\/\\\/www.instagram.com\\\/anellides\\\/\",\"https:\\\/\\\/www.youtube.com\\\/channel\\\/UCY_NA_fh3v8B6uvCKdBLp4A\"]},{\"@type\":\"Person\",\"@id\":\"https:\\\/\\\/anellides.com\\\/es\\\/blog\\\/author\\\/marina_ane\\\/#author\",\"url\":\"https:\\\/\\\/anellides.com\\\/es\\\/blog\\\/author\\\/marina_ane\\\/\",\"name\":\"Marina\",\"image\":{\"@type\":\"ImageObject\",\"@id\":\"https:\\\/\\\/anellides.com\\\/es\\\/event\\\/extrascolares-anellides\\\/#authorImage\",\"url\":\"https:\\\/\\\/secure.gravatar.com\\\/avatar\\\/0f7ffe56c23da976fd59ba1330a0dc7b6704249a921962e921d9f9728ad4c5b3?s=96&d=mm&r=g\",\"width\":96,\"height\":96,\"caption\":\"Marina\"}},{\"@type\":\"WebPage\",\"@id\":\"https:\\\/\\\/anellides.com\\\/es\\\/event\\\/extrascolares-anellides\\\/#webpage\",\"url\":\"https:\\\/\\\/anellides.com\\\/es\\\/event\\\/extrascolares-anellides\\\/\",\"name\":\"EXTRAESCOLARES 2026-2027: EL MAR EN JUEGO | Anellides\",\"description\":\"Extraescolares 2026-2027: El mar en juego Una propuesta pensada para ni\\u00f1os y ni\\u00f1as de 8 a 12 a\\u00f1os apasionados por el mar y con ganas de descubrir todos sus secretos. Exploraremos sus ecosistemas, la fauna y la flora marina, los oc\\u00e9anos y sus habitantes, aprendiendo de manera divertida, pr\\u00e1ctica y participativa. Un espacio para despertar\",\"inLanguage\":\"es-ES\",\"isPartOf\":{\"@id\":\"https:\\\/\\\/anellides.com\\\/es\\\/#website\"},\"breadcrumb\":{\"@id\":\"https:\\\/\\\/anellides.com\\\/es\\\/event\\\/extrascolares-anellides\\\/#breadcrumblist\"},\"author\":{\"@id\":\"https:\\\/\\\/anellides.com\\\/es\\\/blog\\\/author\\\/marina_ane\\\/#author\"},\"creator\":{\"@id\":\"https:\\\/\\\/anellides.com\\\/es\\\/blog\\\/author\\\/marina_ane\\\/#author\"},\"image\":{\"@type\":\"ImageObject\",\"url\":\"https:\\\/\\\/anellides.com\\\/wp-content\\\/files\\\/1-15-e1788368799387.png\",\"@id\":\"https:\\\/\\\/anellides.com\\\/es\\\/event\\\/extrascolares-anellides\\\/#mainImage\",\"width\":1080,\"height\":1350},\"primaryImageOfPage\":{\"@id\":\"https:\\\/\\\/anellides.com\\\/es\\\/event\\\/extrascolares-anellides\\\/#mainImage\"},\"datePublished\":\"2026-09-02T13:10:16+00:00\",\"dateModified\":\"2026-09-03T11:39:20+00:00\"},{\"@type\":\"WebSite\",\"@id\":\"https:\\\/\\\/anellides.com\\\/es\\\/#website\",\"url\":\"https:\\\/\\\/anellides.com\\\/es\\\/\",\"name\":\"Anellides\",\"description\":\"Serveis Ambientals Marins\",\"inLanguage\":\"es-ES\",\"publisher\":{\"@id\":\"https:\\\/\\\/anellides.com\\\/es\\\/#organization\"}}]}\n\t\t<\/script>\n\t\t<!-- All in One SEO -->\n\n","aioseo_head_json":{"title":"EXTRAESCOLARES 2026-2027: EL MAR EN JUEGO | Anellides","description":"Extraescolares 2026-2027: El mar en juego Una propuesta pensada para ni\u00f1os y ni\u00f1as de 8 a 12 a\u00f1os apasionados por el mar y con ganas de descubrir todos sus secretos. Exploraremos sus ecosistemas, la fauna y la flora marina, los oc\u00e9anos y sus habitantes, aprendiendo de manera divertida, pr\u00e1ctica y participativa. Un espacio para despertar","canonical_url":"https:\/\/anellides.com\/es\/event\/extrascolares-anellides\/","robots":"max-image-preview:large","keywords":"","webmasterTools":{"google-site-verification":"j5Te-Y3xjWrjCLJWsYSHtofnTHGBvK1IKvzlSorRXRc","miscellaneous":""},"schema":{"@context":"https:\/\/schema.org","@graph":[{"@type":"BreadcrumbList","@id":"https:\/\/anellides.com\/es\/event\/extrascolares-anellides\/#breadcrumblist","itemListElement":[{"@type":"ListItem","@id":"https:\/\/anellides.com\/es\/#listItem","position":1,"name":"Home","item":"https:\/\/anellides.com\/es\/","nextItem":{"@type":"ListItem","@id":"https:\/\/anellides.com\/es\/events\/#listItem","name":"Eventos"}},{"@type":"ListItem","@id":"https:\/\/anellides.com\/es\/events\/#listItem","position":2,"name":"Eventos","item":"https:\/\/anellides.com\/es\/events\/","nextItem":{"@type":"ListItem","@id":"https:\/\/anellides.com\/es\/events\/category\/infantil-es\/#listItem","name":"Infantil"},"previousItem":{"@type":"ListItem","@id":"https:\/\/anellides.com\/es\/#listItem","name":"Home"}},{"@type":"ListItem","@id":"https:\/\/anellides.com\/es\/events\/category\/infantil-es\/#listItem","position":3,"name":"Infantil","item":"https:\/\/anellides.com\/es\/events\/category\/infantil-es\/","nextItem":{"@type":"ListItem","@id":"https:\/\/anellides.com\/es\/event\/extrascolares-anellides\/#listItem","name":"EXTRAESCOLARES 2026-2027: EL MAR EN JUEGO"},"previousItem":{"@type":"ListItem","@id":"https:\/\/anellides.com\/es\/events\/#listItem","name":"Eventos"}},{"@type":"ListItem","@id":"https:\/\/anellides.com\/es\/event\/extrascolares-anellides\/#listItem","position":4,"name":"EXTRAESCOLARES 2026-2027: EL MAR EN JUEGO","previousItem":{"@type":"ListItem","@id":"https:\/\/anellides.com\/es\/events\/category\/infantil-es\/#listItem","name":"Infantil"}}]},{"@type":"Organization","@id":"https:\/\/anellides.com\/es\/#organization","name":"Anellides","description":"Serveis Ambientals Marins","url":"https:\/\/anellides.com\/es\/","sameAs":["https:\/\/www.instagram.com\/anellides\/","https:\/\/www.youtube.com\/channel\/UCY_NA_fh3v8B6uvCKdBLp4A"]},{"@type":"Person","@id":"https:\/\/anellides.com\/es\/blog\/author\/marina_ane\/#author","url":"https:\/\/anellides.com\/es\/blog\/author\/marina_ane\/","name":"Marina","image":{"@type":"ImageObject","@id":"https:\/\/anellides.com\/es\/event\/extrascolares-anellides\/#authorImage","url":"https:\/\/secure.gravatar.com\/avatar\/0f7ffe56c23da976fd59ba1330a0dc7b6704249a921962e921d9f9728ad4c5b3?s=96&d=mm&r=g","width":96,"height":96,"caption":"Marina"}},{"@type":"WebPage","@id":"https:\/\/anellides.com\/es\/event\/extrascolares-anellides\/#webpage","url":"https:\/\/anellides.com\/es\/event\/extrascolares-anellides\/","name":"EXTRAESCOLARES 2026-2027: EL MAR EN JUEGO | Anellides","description":"Extraescolares 2026-2027: El mar en juego Una propuesta pensada para ni\u00f1os y ni\u00f1as de 8 a 12 a\u00f1os apasionados por el mar y con ganas de descubrir todos sus secretos. Exploraremos sus ecosistemas, la fauna y la flora marina, los oc\u00e9anos y sus habitantes, aprendiendo de manera divertida, pr\u00e1ctica y participativa. Un espacio para despertar","inLanguage":"es-ES","isPartOf":{"@id":"https:\/\/anellides.com\/es\/#website"},"breadcrumb":{"@id":"https:\/\/anellides.com\/es\/event\/extrascolares-anellides\/#breadcrumblist"},"author":{"@id":"https:\/\/anellides.com\/es\/blog\/author\/marina_ane\/#author"},"creator":{"@id":"https:\/\/anellides.com\/es\/blog\/author\/marina_ane\/#author"},"image":{"@type":"ImageObject","url":"https:\/\/anellides.com\/wp-content\/files\/1-15-e1788368799387.png","@id":"https:\/\/anellides.com\/es\/event\/extrascolares-anellides\/#mainImage","width":1080,"height":1350},"primaryImageOfPage":{"@id":"https:\/\/anellides.com\/es\/event\/extrascolares-anellides\/#mainImage"},"datePublished":"2026-09-02T13:10:16+00:00","dateModified":"2026-09-03T11:39:20+00:00"},{"@type":"WebSite","@id":"https:\/\/anellides.com\/es\/#website","url":"https:\/\/anellides.com\/es\/","name":"Anellides","description":"Serveis Ambientals Marins","inLanguage":"es-ES","publisher":{"@id":"https:\/\/anellides.com\/es\/#organization"}}]}},"aioseo_meta_data":{"post_id":"19972","title":null,"description":null,"keywords":null,"keyphrases":{"focus":{"keyphrase":"","score":0,"analysis":{"keyphraseInTitle":{"score":0,"maxScore":9,"error":1}}},"additional":[]},"primary_term":null,"canonical_url":null,"og_title":null,"og_description":null,"og_object_type":"default","og_image_type":"default","og_image_url":null,"og_image_width":null,"og_image_height":null,"og_image_custom_url":null,"og_image_custom_fields":null,"og_video":"","og_custom_url":null,"og_article_section":null,"og_article_tags":null,"twitter_use_og":false,"twitter_card":"default","twitter_image_type":"default","twitter_image_url":null,"twitter_image_custom_url":null,"twitter_image_custom_fields":null,"twitter_title":null,"twitter_description":null,"schema":{"blockGraphs":[],"customGraphs":[],"default":{"data":{"Article":[],"Course":[],"Dataset":[],"FAQPage":[],"Movie":[],"Person":[],"Product":[],"ProductReview":[],"Car":[],"Recipe":[],"Service":[],"SoftwareApplication":[],"WebPage":[]},"graphName":"WebPage","isEnabled":true},"graphs":[]},"schema_type":"default","schema_type_options":null,"pillar_content":false,"robots_default":true,"robots_noindex":false,"robots_noarchive":false,"robots_nosnippet":false,"robots_nofollow":false,"robots_noimageindex":false,"robots_noodp":false,"robots_notranslate":false,"robots_max_snippet":"-1","robots_max_videopreview":"-1","robots_max_imagepreview":"large","priority":null,"frequency":"default","location":null,"local_seo":null,"breadcrumb_settings":null,"limit_modified_date":false,"ai":{"faqs":[],"keyPoints":[],"schemas":[],"titles":[],"descriptions":[],"socialPosts":{"email":{"subject":"","preview":"","content":""},"linkedin":[],"twitter":[],"facebook":[],"instagram":[]}},"created":"2025-04-21 11:52:06","updated":"2026-09-03 11:39:21","seo_analyzer_scan_date":null,"focus_keyword":null,"additional_keywords":null,"truseo_locale":null},"aioseo_breadcrumb":"<div class=\"aioseo-breadcrumbs\"><span class=\"aioseo-breadcrumb\">\n\t\t\t<a href=\"https:\/\/anellides.com\/es\/\" title=\"Home\">Home<\/a>\n\t\t<\/span><span class=\"aioseo-breadcrumb-separator\">\u00bb<\/span><span class=\"aioseo-breadcrumb\">\n\t\t\t<a href=\"https:\/\/anellides.com\/es\/events\/\" title=\"Eventos\">Eventos<\/a>\n\t\t<\/span><span class=\"aioseo-breadcrumb-separator\">\u00bb<\/span><span class=\"aioseo-breadcrumb\">\n\t\t\t<a href=\"https:\/\/anellides.com\/es\/events\/category\/infantil-es\/\" title=\"Infantil\">Infantil<\/a>\n\t\t<\/span><span class=\"aioseo-breadcrumb-separator\">\u00bb<\/span><span class=\"aioseo-breadcrumb\">\n\t\t\tEXTRAESCOLARES 2026-2027: EL MAR EN JUEGO\n\t\t<\/span><\/div>","aioseo_breadcrumb_json":[{"label":"Home","link":"https:\/\/anellides.com\/es\/"},{"label":"Eventos","link":"https:\/\/anellides.com\/es\/events\/"},{"label":"Infantil","link":"https:\/\/anellides.com\/es\/events\/category\/infantil-es\/"},{"label":"EXTRAESCOLARES 2026-2027: EL MAR EN JUEGO","link":"https:\/\/anellides.com\/es\/event\/extrascolares-anellides\/"}],"_links":{"self":[{"href":"https:\/\/anellides.com\/es\/wp-json\/wp\/v2\/tribe_events\/19972","targetHints":{"allow":["GET"]}}],"collection":[{"href":"https:\/\/anellides.com\/es\/wp-json\/wp\/v2\/tribe_events"}],"about":[{"href":"https:\/\/anellides.com\/es\/wp-json\/wp\/v2\/types\/tribe_events"}],"author":[{"embeddable":true,"href":"https:\/\/anellides.com\/es\/wp-json\/wp\/v2\/users\/3037"}],"version-history":[{"count":7,"href":"https:\/\/anellides.com\/es\/wp-json\/wp\/v2\/tribe_events\/19972\/revisions"}],"predecessor-version":[{"id":23079,"href":"https:\/\/anellides.com\/es\/wp-json\/wp\/v2\/tribe_events\/19972\/revisions\/23079"}],"wp:featuredmedia":[{"embeddable":true,"href":"https:\/\/anellides.com\/es\/wp-json\/wp\/v2\/media\/23050"}],"wp:attachment":[{"href":"https:\/\/anellides.com\/es\/wp-json\/wp\/v2\/media?parent=19972"}],"wp:term":[{"taxonomy":"post_tag","embeddable":true,"href":"https:\/\/anellides.com\/es\/wp-json\/wp\/v2\/tags?post=19972"},{"taxonomy":"tribe_events_cat","embeddable":true,"href":"https:\/\/anellides.com\/es\/wp-json\/wp\/v2\/tribe_events_cat?post=19972"}],"curies":[{"name":"wp","href":"https:\/\/api.w.org\/{rel}","templated":true}]}}