{"id":23099,"date":"2026-09-04T07:42:44","date_gmt":"2026-09-04T07:42:44","guid":{"rendered":"https:\/\/anellides.com\/?post_type=tribe_events&#038;p=23099"},"modified":"2026-09-04T07:48:02","modified_gmt":"2026-09-04T07:48:02","slug":"extraescolars-marins","status":"publish","type":"tribe_events","link":"https:\/\/anellides.com\/es\/event\/extraescolars-marins\/","title":{"rendered":"Extraescolares 2026-27: El mar en juego"},"content":{"rendered":"<h3 data-start=\"189\" data-end=\"522\"><strong data-start=\"193\" data-end=\"249\">Extraescolares 2026-2027: El mar en juego<\/strong><\/h3>\n<p>Una propuesta pensada para ni\u00f1os y ni\u00f1as de 8 a 12 a\u00f1os apasionados por el mar y con ganas de descubrir todos sus secretos. Exploraremos sus ecosistemas, la fauna y la flora marina, los oc\u00e9anos y sus habitantes, aprendiendo de forma divertida, pr\u00e1ctica y participativa. Un espacio para despertar la curiosidad, gozar del mundo marino y descubrir la importancia de cuidar y proteger nuestros mares.<\/p>\n<p>A trav\u00e9s de <strong>juegos, gincanas, experimentos, actividades art\u00edsticas, y acciones participativas<\/strong> transformadoras con impacto social, fomentamos la creatividad, curiosidad, el pensamiento cr\u00edtico y el compromiso con el mundo que nos rodea, en un ambiente divertido, din\u00e1mico y respetuoso. Descubrir\u00e1n c\u00f3mo nuestras acciones influyen en el mar y c\u00f3mo, colectivamente, podemos implicarnos para cuidarlo, defenderlo y transformar nuestro entorno.<\/p>\n<p data-start=\"524\" data-end=\"603\"><div class=\"fusion-button-wrapper\"><a class=\"fusion-button button-flat fusion-button-default-size button-default fusion-button-default button-1 fusion-button-default-span fusion-button-default-type\" target=\"_blank\" rel=\"noopener noreferrer\" href=\"https:\/\/forms.gle\/3UF7RupBBGAjGHdR9\"><span class=\"fusion-button-text awb-button__text awb-button__text--default\">Inscr\u00edbete<\/span><\/a><\/div><\/p>\n<h3>Fechas y horarios<\/h3>\n<ul>\n<li>Cada mi\u00e9rcoles tarde desde el 16 de septiembre hasta el 16 de junio<\/li>\n<li>17:30h a 18:30h<\/li>\n<\/ul>\n<h3>Edades<\/h3>\n<ul>\n<li>8 als 12 a\u00f1os<\/li>\n<\/ul>\n<h3>Incluye<\/h3>\n<div>\n<ul>\n<li>Equipo multidisciplinar de profesionales especializadas en el mar, el \u00e1mbito social, la educaci\u00f3n y el activismo<\/li>\n<li>Material de todas las actividades<\/li>\n<li>Grupos reducidos de 8 participantes<\/li>\n<\/ul>\n<h3>Actividades vivenciales<\/h3>\n<div>\n<ul>\n<li>Actividades de descubrimiento<\/li>\n<li>Experimentos<\/li>\n<li>Juegos cooperativos<\/li>\n<li>Expresi\u00f3n art\u00edstica<\/li>\n<\/ul>\n<\/div>\n<h3>Precio<\/h3>\n<ul>\n<li>60\u20ac\/mes<\/li>\n<\/ul>\n<h3>Documentaci\u00f3n necesaria<\/h3>\n<p>Es necesario rellenar obligatoriamente el siguiente documento, firmarlo y enviarlo a reserves@anellides.com:<\/p>\n<ul>\n<li><a href=\"https:\/\/anellides.com\/wp-content\/files\/AUTORITZACIO-PROGENITORS.pdf\">Autoritzaci\u00f3n de los progenitores y\/o tutores<\/a><\/li>\n<\/ul>\n<h3>Para m\u00e1s informaci\u00f3n:<\/h3>\n<ul>\n<li>reserves@anellides.com<\/li>\n<li>+34 613 03 52 13<\/li>\n<\/ul>\n<\/div>\n","protected":false},"excerpt":{"rendered":"<p>Extraescolares 2026-2027: El mar en juego Una propuesta pensada para ni\u00f1os y ni\u00f1as de 8 a 12 a\u00f1os apasionados por el mar y con ganas  [&#8230;]<\/p>\n","protected":false},"author":3037,"featured_media":23050,"template":"","meta":{"_tribe_events_status":"","_tribe_events_status_reason":"","footnotes":""},"tags":[],"tribe_events_cat":[133,65],"class_list":["post-23099","tribe_events","type-tribe_events","status-publish","has-post-thumbnail","hentry","tribe_events_cat-infantil-es","tribe_events_cat-juvenil-es","cat_infantil-es","cat_juvenil-es"],"aioseo_notices":[],"aioseo_head":"\n\t\t<!-- All in One SEO 5.0.1.1 - aioseo.com -->\n\t<meta name=\"description\" content=\"Extraescolares 2026-2027: El mar en juego Una propuesta pensada para ni\u00f1os y ni\u00f1as de 8 a 12 a\u00f1os apasionados por el mar y con ganas de descubrir todos sus secretos. Exploraremos sus ecosistemas, la fauna y la flora marina, los oc\u00e9anos y sus habitantes, aprendiendo de forma divertida, pr\u00e1ctica y participativa. Un espacio para despertar\" \/>\n\t<meta name=\"robots\" content=\"max-image-preview:large\" \/>\n\t<meta name=\"author\" content=\"Marina\"\/>\n\t<meta name=\"google-site-verification\" content=\"j5Te-Y3xjWrjCLJWsYSHtofnTHGBvK1IKvzlSorRXRc\" \/>\n\t<link rel=\"canonical\" href=\"https:\/\/anellides.com\/es\/event\/extraescolars-marins\/\" \/>\n\t<meta name=\"generator\" content=\"All in One SEO (AIOSEO) 5.0.1.1\" \/>\n\t\t<script type=\"application\/ld+json\" class=\"aioseo-schema\">\n\t\t\t{\"@context\":\"https:\\\/\\\/schema.org\",\"@graph\":[{\"@type\":\"BreadcrumbList\",\"@id\":\"https:\\\/\\\/anellides.com\\\/es\\\/event\\\/extraescolars-marins\\\/#breadcrumblist\",\"itemListElement\":[{\"@type\":\"ListItem\",\"@id\":\"https:\\\/\\\/anellides.com\\\/es\\\/#listItem\",\"position\":1,\"name\":\"Home\",\"item\":\"https:\\\/\\\/anellides.com\\\/es\\\/\",\"nextItem\":{\"@type\":\"ListItem\",\"@id\":\"https:\\\/\\\/anellides.com\\\/es\\\/events\\\/#listItem\",\"name\":\"Eventos\"}},{\"@type\":\"ListItem\",\"@id\":\"https:\\\/\\\/anellides.com\\\/es\\\/events\\\/#listItem\",\"position\":2,\"name\":\"Eventos\",\"item\":\"https:\\\/\\\/anellides.com\\\/es\\\/events\\\/\",\"nextItem\":{\"@type\":\"ListItem\",\"@id\":\"https:\\\/\\\/anellides.com\\\/es\\\/events\\\/category\\\/juvenil-es\\\/#listItem\",\"name\":\"Juvenil\"},\"previousItem\":{\"@type\":\"ListItem\",\"@id\":\"https:\\\/\\\/anellides.com\\\/es\\\/#listItem\",\"name\":\"Home\"}},{\"@type\":\"ListItem\",\"@id\":\"https:\\\/\\\/anellides.com\\\/es\\\/events\\\/category\\\/juvenil-es\\\/#listItem\",\"position\":3,\"name\":\"Juvenil\",\"item\":\"https:\\\/\\\/anellides.com\\\/es\\\/events\\\/category\\\/juvenil-es\\\/\",\"nextItem\":{\"@type\":\"ListItem\",\"@id\":\"https:\\\/\\\/anellides.com\\\/es\\\/event\\\/extraescolars-marins\\\/#listItem\",\"name\":\"Extraescolares 2026-27: El mar en juego\"},\"previousItem\":{\"@type\":\"ListItem\",\"@id\":\"https:\\\/\\\/anellides.com\\\/es\\\/events\\\/#listItem\",\"name\":\"Eventos\"}},{\"@type\":\"ListItem\",\"@id\":\"https:\\\/\\\/anellides.com\\\/es\\\/event\\\/extraescolars-marins\\\/#listItem\",\"position\":4,\"name\":\"Extraescolares 2026-27: El mar en juego\",\"previousItem\":{\"@type\":\"ListItem\",\"@id\":\"https:\\\/\\\/anellides.com\\\/es\\\/events\\\/category\\\/juvenil-es\\\/#listItem\",\"name\":\"Juvenil\"}}]},{\"@type\":\"Organization\",\"@id\":\"https:\\\/\\\/anellides.com\\\/es\\\/#organization\",\"name\":\"Anellides\",\"description\":\"Serveis Ambientals Marins\",\"url\":\"https:\\\/\\\/anellides.com\\\/es\\\/\",\"sameAs\":[\"https:\\\/\\\/www.instagram.com\\\/anellides\\\/\",\"https:\\\/\\\/www.youtube.com\\\/channel\\\/UCY_NA_fh3v8B6uvCKdBLp4A\"]},{\"@type\":\"Person\",\"@id\":\"https:\\\/\\\/anellides.com\\\/es\\\/blog\\\/author\\\/marina_ane\\\/#author\",\"url\":\"https:\\\/\\\/anellides.com\\\/es\\\/blog\\\/author\\\/marina_ane\\\/\",\"name\":\"Marina\",\"image\":{\"@type\":\"ImageObject\",\"@id\":\"https:\\\/\\\/anellides.com\\\/es\\\/event\\\/extraescolars-marins\\\/#authorImage\",\"url\":\"https:\\\/\\\/secure.gravatar.com\\\/avatar\\\/0f7ffe56c23da976fd59ba1330a0dc7b6704249a921962e921d9f9728ad4c5b3?s=96&d=mm&r=g\",\"width\":96,\"height\":96,\"caption\":\"Marina\"}},{\"@type\":\"WebPage\",\"@id\":\"https:\\\/\\\/anellides.com\\\/es\\\/event\\\/extraescolars-marins\\\/#webpage\",\"url\":\"https:\\\/\\\/anellides.com\\\/es\\\/event\\\/extraescolars-marins\\\/\",\"name\":\"Extraescolares 2026-27: El mar en juego | Anellides\",\"description\":\"Extraescolares 2026-2027: El mar en juego Una propuesta pensada para ni\\u00f1os y ni\\u00f1as de 8 a 12 a\\u00f1os apasionados por el mar y con ganas de descubrir todos sus secretos. Exploraremos sus ecosistemas, la fauna y la flora marina, los oc\\u00e9anos y sus habitantes, aprendiendo de forma divertida, pr\\u00e1ctica y participativa. Un espacio para despertar\",\"inLanguage\":\"es-ES\",\"isPartOf\":{\"@id\":\"https:\\\/\\\/anellides.com\\\/es\\\/#website\"},\"breadcrumb\":{\"@id\":\"https:\\\/\\\/anellides.com\\\/es\\\/event\\\/extraescolars-marins\\\/#breadcrumblist\"},\"author\":{\"@id\":\"https:\\\/\\\/anellides.com\\\/es\\\/blog\\\/author\\\/marina_ane\\\/#author\"},\"creator\":{\"@id\":\"https:\\\/\\\/anellides.com\\\/es\\\/blog\\\/author\\\/marina_ane\\\/#author\"},\"image\":{\"@type\":\"ImageObject\",\"url\":\"https:\\\/\\\/anellides.com\\\/wp-content\\\/files\\\/1-15-e1788368799387.png\",\"@id\":\"https:\\\/\\\/anellides.com\\\/es\\\/event\\\/extraescolars-marins\\\/#mainImage\",\"width\":1080,\"height\":1350},\"primaryImageOfPage\":{\"@id\":\"https:\\\/\\\/anellides.com\\\/es\\\/event\\\/extraescolars-marins\\\/#mainImage\"},\"datePublished\":\"2026-09-04T07:42:44+00:00\",\"dateModified\":\"2026-09-04T07:48:02+00:00\"},{\"@type\":\"WebSite\",\"@id\":\"https:\\\/\\\/anellides.com\\\/es\\\/#website\",\"url\":\"https:\\\/\\\/anellides.com\\\/es\\\/\",\"name\":\"Anellides\",\"description\":\"Serveis Ambientals Marins\",\"inLanguage\":\"es-ES\",\"publisher\":{\"@id\":\"https:\\\/\\\/anellides.com\\\/es\\\/#organization\"}}]}\n\t\t<\/script>\n\t\t<!-- All in One SEO -->\n\n","aioseo_head_json":{"title":"Extraescolares 2026-27: El mar en juego | Anellides","description":"Extraescolares 2026-2027: El mar en juego Una propuesta pensada para ni\u00f1os y ni\u00f1as de 8 a 12 a\u00f1os apasionados por el mar y con ganas de descubrir todos sus secretos. Exploraremos sus ecosistemas, la fauna y la flora marina, los oc\u00e9anos y sus habitantes, aprendiendo de forma divertida, pr\u00e1ctica y participativa. Un espacio para despertar","canonical_url":"https:\/\/anellides.com\/es\/event\/extraescolars-marins\/","robots":"max-image-preview:large","keywords":"","webmasterTools":{"google-site-verification":"j5Te-Y3xjWrjCLJWsYSHtofnTHGBvK1IKvzlSorRXRc","miscellaneous":""},"schema":{"@context":"https:\/\/schema.org","@graph":[{"@type":"BreadcrumbList","@id":"https:\/\/anellides.com\/es\/event\/extraescolars-marins\/#breadcrumblist","itemListElement":[{"@type":"ListItem","@id":"https:\/\/anellides.com\/es\/#listItem","position":1,"name":"Home","item":"https:\/\/anellides.com\/es\/","nextItem":{"@type":"ListItem","@id":"https:\/\/anellides.com\/es\/events\/#listItem","name":"Eventos"}},{"@type":"ListItem","@id":"https:\/\/anellides.com\/es\/events\/#listItem","position":2,"name":"Eventos","item":"https:\/\/anellides.com\/es\/events\/","nextItem":{"@type":"ListItem","@id":"https:\/\/anellides.com\/es\/events\/category\/juvenil-es\/#listItem","name":"Juvenil"},"previousItem":{"@type":"ListItem","@id":"https:\/\/anellides.com\/es\/#listItem","name":"Home"}},{"@type":"ListItem","@id":"https:\/\/anellides.com\/es\/events\/category\/juvenil-es\/#listItem","position":3,"name":"Juvenil","item":"https:\/\/anellides.com\/es\/events\/category\/juvenil-es\/","nextItem":{"@type":"ListItem","@id":"https:\/\/anellides.com\/es\/event\/extraescolars-marins\/#listItem","name":"Extraescolares 2026-27: El mar en juego"},"previousItem":{"@type":"ListItem","@id":"https:\/\/anellides.com\/es\/events\/#listItem","name":"Eventos"}},{"@type":"ListItem","@id":"https:\/\/anellides.com\/es\/event\/extraescolars-marins\/#listItem","position":4,"name":"Extraescolares 2026-27: El mar en juego","previousItem":{"@type":"ListItem","@id":"https:\/\/anellides.com\/es\/events\/category\/juvenil-es\/#listItem","name":"Juvenil"}}]},{"@type":"Organization","@id":"https:\/\/anellides.com\/es\/#organization","name":"Anellides","description":"Serveis Ambientals Marins","url":"https:\/\/anellides.com\/es\/","sameAs":["https:\/\/www.instagram.com\/anellides\/","https:\/\/www.youtube.com\/channel\/UCY_NA_fh3v8B6uvCKdBLp4A"]},{"@type":"Person","@id":"https:\/\/anellides.com\/es\/blog\/author\/marina_ane\/#author","url":"https:\/\/anellides.com\/es\/blog\/author\/marina_ane\/","name":"Marina","image":{"@type":"ImageObject","@id":"https:\/\/anellides.com\/es\/event\/extraescolars-marins\/#authorImage","url":"https:\/\/secure.gravatar.com\/avatar\/0f7ffe56c23da976fd59ba1330a0dc7b6704249a921962e921d9f9728ad4c5b3?s=96&d=mm&r=g","width":96,"height":96,"caption":"Marina"}},{"@type":"WebPage","@id":"https:\/\/anellides.com\/es\/event\/extraescolars-marins\/#webpage","url":"https:\/\/anellides.com\/es\/event\/extraescolars-marins\/","name":"Extraescolares 2026-27: El mar en juego | Anellides","description":"Extraescolares 2026-2027: El mar en juego Una propuesta pensada para ni\u00f1os y ni\u00f1as de 8 a 12 a\u00f1os apasionados por el mar y con ganas de descubrir todos sus secretos. Exploraremos sus ecosistemas, la fauna y la flora marina, los oc\u00e9anos y sus habitantes, aprendiendo de forma divertida, pr\u00e1ctica y participativa. Un espacio para despertar","inLanguage":"es-ES","isPartOf":{"@id":"https:\/\/anellides.com\/es\/#website"},"breadcrumb":{"@id":"https:\/\/anellides.com\/es\/event\/extraescolars-marins\/#breadcrumblist"},"author":{"@id":"https:\/\/anellides.com\/es\/blog\/author\/marina_ane\/#author"},"creator":{"@id":"https:\/\/anellides.com\/es\/blog\/author\/marina_ane\/#author"},"image":{"@type":"ImageObject","url":"https:\/\/anellides.com\/wp-content\/files\/1-15-e1788368799387.png","@id":"https:\/\/anellides.com\/es\/event\/extraescolars-marins\/#mainImage","width":1080,"height":1350},"primaryImageOfPage":{"@id":"https:\/\/anellides.com\/es\/event\/extraescolars-marins\/#mainImage"},"datePublished":"2026-09-04T07:42:44+00:00","dateModified":"2026-09-04T07:48:02+00:00"},{"@type":"WebSite","@id":"https:\/\/anellides.com\/es\/#website","url":"https:\/\/anellides.com\/es\/","name":"Anellides","description":"Serveis Ambientals Marins","inLanguage":"es-ES","publisher":{"@id":"https:\/\/anellides.com\/es\/#organization"}}]}},"aioseo_meta_data":{"post_id":"23099","title":null,"description":null,"keywords":null,"keyphrases":{"focus":{"keyphrase":"","score":0,"analysis":{"keyphraseInTitle":{"score":0,"maxScore":9,"error":1}}},"additional":[]},"primary_term":null,"canonical_url":null,"og_title":null,"og_description":null,"og_object_type":"default","og_image_type":"default","og_image_url":null,"og_image_width":null,"og_image_height":null,"og_image_custom_url":null,"og_image_custom_fields":null,"og_video":"","og_custom_url":null,"og_article_section":null,"og_article_tags":null,"twitter_use_og":false,"twitter_card":"default","twitter_image_type":"default","twitter_image_url":null,"twitter_image_custom_url":null,"twitter_image_custom_fields":null,"twitter_title":null,"twitter_description":null,"schema":{"blockGraphs":[],"customGraphs":[],"default":{"data":{"Article":[],"Course":[],"Dataset":[],"FAQPage":[],"Movie":[],"Person":[],"Product":[],"ProductReview":[],"Car":[],"Recipe":[],"Service":[],"SoftwareApplication":[],"WebPage":[]},"graphName":"WebPage","isEnabled":true},"graphs":[]},"schema_type":"default","schema_type_options":null,"pillar_content":false,"robots_default":true,"robots_noindex":false,"robots_noarchive":false,"robots_nosnippet":false,"robots_nofollow":false,"robots_noimageindex":false,"robots_noodp":false,"robots_notranslate":false,"robots_max_snippet":"-1","robots_max_videopreview":"-1","robots_max_imagepreview":"large","priority":null,"frequency":"default","location":null,"local_seo":null,"breadcrumb_settings":null,"limit_modified_date":false,"ai":{"faqs":[],"keyPoints":[],"schemas":[],"titles":[],"descriptions":[],"socialPosts":{"email":{"subject":"","preview":"","content":""},"linkedin":[],"twitter":[],"facebook":[],"instagram":[]}},"created":"2026-09-04 07:31:31","updated":"2026-09-04 07:48:04","seo_analyzer_scan_date":null,"focus_keyword":null,"additional_keywords":null,"truseo_locale":null},"aioseo_breadcrumb":"<div class=\"aioseo-breadcrumbs\"><span class=\"aioseo-breadcrumb\">\n\t\t\t<a href=\"https:\/\/anellides.com\/es\/\" title=\"Home\">Home<\/a>\n\t\t<\/span><span class=\"aioseo-breadcrumb-separator\">\u00bb<\/span><span class=\"aioseo-breadcrumb\">\n\t\t\t<a href=\"https:\/\/anellides.com\/es\/events\/\" title=\"Eventos\">Eventos<\/a>\n\t\t<\/span><span class=\"aioseo-breadcrumb-separator\">\u00bb<\/span><span class=\"aioseo-breadcrumb\">\n\t\t\t<a href=\"https:\/\/anellides.com\/es\/events\/category\/juvenil-es\/\" title=\"Juvenil\">Juvenil<\/a>\n\t\t<\/span><span class=\"aioseo-breadcrumb-separator\">\u00bb<\/span><span class=\"aioseo-breadcrumb\">\n\t\t\tExtraescolares 2026-27: El mar en juego\n\t\t<\/span><\/div>","aioseo_breadcrumb_json":[{"label":"Home","link":"https:\/\/anellides.com\/es\/"},{"label":"Eventos","link":"https:\/\/anellides.com\/es\/events\/"},{"label":"Juvenil","link":"https:\/\/anellides.com\/es\/events\/category\/juvenil-es\/"},{"label":"Extraescolares 2026-27: El mar en juego","link":"https:\/\/anellides.com\/es\/event\/extraescolars-marins\/"}],"_links":{"self":[{"href":"https:\/\/anellides.com\/es\/wp-json\/wp\/v2\/tribe_events\/23099","targetHints":{"allow":["GET"]}}],"collection":[{"href":"https:\/\/anellides.com\/es\/wp-json\/wp\/v2\/tribe_events"}],"about":[{"href":"https:\/\/anellides.com\/es\/wp-json\/wp\/v2\/types\/tribe_events"}],"author":[{"embeddable":true,"href":"https:\/\/anellides.com\/es\/wp-json\/wp\/v2\/users\/3037"}],"version-history":[{"count":7,"href":"https:\/\/anellides.com\/es\/wp-json\/wp\/v2\/tribe_events\/23099\/revisions"}],"predecessor-version":[{"id":23110,"href":"https:\/\/anellides.com\/es\/wp-json\/wp\/v2\/tribe_events\/23099\/revisions\/23110"}],"wp:featuredmedia":[{"embeddable":true,"href":"https:\/\/anellides.com\/es\/wp-json\/wp\/v2\/media\/23050"}],"wp:attachment":[{"href":"https:\/\/anellides.com\/es\/wp-json\/wp\/v2\/media?parent=23099"}],"wp:term":[{"taxonomy":"post_tag","embeddable":true,"href":"https:\/\/anellides.com\/es\/wp-json\/wp\/v2\/tags?post=23099"},{"taxonomy":"tribe_events_cat","embeddable":true,"href":"https:\/\/anellides.com\/es\/wp-json\/wp\/v2\/tribe_events_cat?post=23099"}],"curies":[{"name":"wp","href":"https:\/\/api.w.org\/{rel}","templated":true}]}}